{"id":739,"date":"2018-09-29T22:04:37","date_gmt":"2018-09-29T20:04:37","guid":{"rendered":"http:\/\/www.inedichrono.be\/?page_id=739"},"modified":"2018-10-14T23:09:49","modified_gmt":"2018-10-14T21:09:49","slug":"inscription-trail-sport2","status":"publish","type":"page","link":"https:\/\/www.inedichrono.be\/index.php\/inscription-trail-sport2\/","title":{"rendered":"Inscription Trail Sport2"},"content":{"rendered":"<p>[et_pb_section fb_built=\u00a0\u00bb1&Prime; next_background_color=\u00a0\u00bb#ffffff\u00a0\u00bb _builder_version=\u00a0\u00bb3.12.2&Prime; background_color=\u00a0\u00bb#606060&Prime; custom_padding=\u00a0\u00bb0|0px|0|0px|false|false\u00a0\u00bb bottom_divider_style=\u00a0\u00bbramp2&Prime;][et_pb_row custom_padding=\u00a0\u00bb13px|0px|54px|0px|false|false\u00a0\u00bb _builder_version=\u00a0\u00bb3.12.2&Prime;][et_pb_column type=\u00a0\u00bb4_4&Prime; _builder_version=\u00a0\u00bb3.12.2&Prime; parallax=\u00a0\u00bboff\u00a0\u00bb parallax_method=\u00a0\u00bbon\u00a0\u00bb][et_pb_text _builder_version=\u00a0\u00bb3.12.2&Prime;]<\/p>\n<h3 style=\"text-align: center;\"><span style=\"color: #00ff00;\"><strong>Les pr\u00e9-inscriptions sont cl\u00f4tur\u00e9es.<\/strong><\/span><\/h3>\n<h3 style=\"text-align: center;\"><span style=\"color: #00ff00;\"><\/span><\/h3>\n<p>[\/et_pb_text][\/et_pb_column][\/et_pb_row][\/et_pb_section][et_pb_section fb_built=\u00a0\u00bb1&Prime; _builder_version=\u00a0\u00bb3.12.2&Prime; custom_padding=\u00a0\u00bb0|0px|0|0px|false|false\u00a0\u00bb][et_pb_row custom_padding=\u00a0\u00bb1px|0px|0|0px|false|false\u00a0\u00bb _builder_version=\u00a0\u00bb3.12.2&Prime;][et_pb_column type=\u00a0\u00bb4_4&Prime; _builder_version=\u00a0\u00bb3.12.2&Prime; parallax=\u00a0\u00bboff\u00a0\u00bb parallax_method=\u00a0\u00bbon\u00a0\u00bb][et_pb_button url_new_window=\u00a0\u00bbon\u00a0\u00bb button_alignment=\u00a0\u00bbcenter\u00a0\u00bb _builder_version=\u00a0\u00bb3.12.2&Prime; custom_button=\u00a0\u00bbon\u00a0\u00bb button_text_color=\u00a0\u00bb#606060&Prime; button_bg_color=\u00a0\u00bb#7cda24&Prime; button_border_radius=\u00a0\u00bb24px\u00a0\u00bb button_font=\u00a0\u00bb||||||||\u00a0\u00bb button_icon=\u00a0\u00bb%%75%%\u00a0\u00bb button_icon_color=\u00a0\u00bb#ffffff\u00a0\u00bb button_on_hover=\u00a0\u00bboff\u00a0\u00bb button_text_color_hover=\u00a0\u00bb#7cda24&Prime; button_bg_color_hover=\u00a0\u00bb#606060&Prime;][\/et_pb_button][\/et_pb_column][\/et_pb_row][\/et_pb_section][et_pb_section fb_built=\u00a0\u00bb1&Prime; _builder_version=\u00a0\u00bb3.12.2&Prime; custom_margin=\u00a0\u00bb||0px|\u00a0\u00bb custom_padding=\u00a0\u00bb0|0px|19px|0px|false|false\u00a0\u00bb][et_pb_row custom_padding=\u00a0\u00bb30px|0px|0px|0px|false|false\u00a0\u00bb custom_margin=\u00a0\u00bb||0px|\u00a0\u00bb _builder_version=\u00a0\u00bb3.12.2&Prime; background_color=\u00a0\u00bb#ffffff\u00a0\u00bb][et_pb_column type=\u00a0\u00bb4_4&Prime; _builder_version=\u00a0\u00bb3.12.2&Prime; parallax=\u00a0\u00bboff\u00a0\u00bb parallax_method=\u00a0\u00bbon\u00a0\u00bb][et_pb_slider _builder_version=\u00a0\u00bb3.12.2&Prime; header_font=\u00a0\u00bb||||||||\u00a0\u00bb header_text_color=\u00a0\u00bb#7cda24&Prime; background_color=\u00a0\u00bb#ffffff\u00a0\u00bb custom_margin=\u00a0\u00bb17px||4px|\u00a0\u00bb custom_padding=\u00a0\u00bb0px||0px|\u00a0\u00bb][et_pb_slide heading=\u00a0\u00bbVous pouvez vous inscrire sur place le jour de la course.\u00a0\u00bb button_link=\u00a0\u00bbhttp:\/\/www.easybib.be\u00a0\u00bb image=\u00a0\u00bbhttp:\/\/www.inedichrono.be\/wp-content\/uploads\/2018\/09\/easybib.png\u00a0\u00bb _builder_version=\u00a0\u00bb3.12.2&Prime; header_level=\u00a0\u00bbh1&Prime; header_font=\u00a0\u00bb||||||||\u00a0\u00bb custom_button=\u00a0\u00bbon\u00a0\u00bb button_border_radius=\u00a0\u00bb25px\u00a0\u00bb button_font=\u00a0\u00bb||||||||\u00a0\u00bb button_use_icon=\u00a0\u00bbon\u00a0\u00bb button_on_hover=\u00a0\u00bboff\u00a0\u00bb button_bg_color_hover=\u00a0\u00bb#606060&Prime; custom_padding=\u00a0\u00bb||9px|\u00a0\u00bb]<span style=\"color: #99cc00;\">Nous vous proposons de t\u00e9l\u00e9charger notre nouvelle application EasyBib facilitant la proc\u00e9dure d&rsquo;inscription.\u00a0<\/span><br \/>\n[\/et_pb_slide][\/et_pb_slider][et_pb_button button_url=\u00a0\u00bbhttp:\/\/www.easybib.be\u00a0\u00bb url_new_window=\u00a0\u00bbon\u00a0\u00bb button_text=\u00a0\u00bbD\u00e9couvrir EasyBib\u00a0\u00bb button_alignment=\u00a0\u00bbcenter\u00a0\u00bb _builder_version=\u00a0\u00bb3.12.2&Prime; custom_button=\u00a0\u00bbon\u00a0\u00bb button_text_color=\u00a0\u00bb#606060&Prime; button_bg_color=\u00a0\u00bb#7cda24&Prime; button_border_radius=\u00a0\u00bb24px\u00a0\u00bb button_font=\u00a0\u00bb||||||||\u00a0\u00bb button_icon=\u00a0\u00bb%%147%%\u00a0\u00bb button_icon_color=\u00a0\u00bb#ffffff\u00a0\u00bb button_on_hover=\u00a0\u00bboff\u00a0\u00bb button_text_color_hover=\u00a0\u00bb#7cda24&Prime; button_bg_color_hover=\u00a0\u00bb#606060&Prime; custom_margin=\u00a0\u00bb|||281px\u00a0\u00bb][\/et_pb_button][\/et_pb_column][\/et_pb_row][\/et_pb_section]<\/p>\n","protected":false},"excerpt":{"rendered":"<p>Les pr\u00e9-inscriptions sont cl\u00f4tur\u00e9es. Nous vous proposons de t\u00e9l\u00e9charger notre nouvelle application EasyBib facilitant la proc\u00e9dure d&rsquo;inscription.\u00a0<\/p>\n","protected":false},"author":2,"featured_media":0,"parent":0,"menu_order":0,"comment_status":"closed","ping_status":"closed","template":"","meta":{"_et_pb_use_builder":"on","_et_pb_old_content":"","_et_gb_content_width":"","footnotes":""},"class_list":["post-739","page","type-page","status-publish","hentry"],"_links":{"self":[{"href":"https:\/\/www.inedichrono.be\/index.php\/wp-json\/wp\/v2\/pages\/739","targetHints":{"allow":["GET"]}}],"collection":[{"href":"https:\/\/www.inedichrono.be\/index.php\/wp-json\/wp\/v2\/pages"}],"about":[{"href":"https:\/\/www.inedichrono.be\/index.php\/wp-json\/wp\/v2\/types\/page"}],"author":[{"embeddable":true,"href":"https:\/\/www.inedichrono.be\/index.php\/wp-json\/wp\/v2\/users\/2"}],"replies":[{"embeddable":true,"href":"https:\/\/www.inedichrono.be\/index.php\/wp-json\/wp\/v2\/comments?post=739"}],"version-history":[{"count":0,"href":"https:\/\/www.inedichrono.be\/index.php\/wp-json\/wp\/v2\/pages\/739\/revisions"}],"wp:attachment":[{"href":"https:\/\/www.inedichrono.be\/index.php\/wp-json\/wp\/v2\/media?parent=739"}],"curies":[{"name":"wp","href":"https:\/\/api.w.org\/{rel}","templated":true}]}}